{"id":211,"date":"2017-06-24T23:56:12","date_gmt":"2017-06-24T21:56:12","guid":{"rendered":"http:\/\/notabeneconseil.fr\/?page_id=211"},"modified":"2017-07-24T17:38:44","modified_gmt":"2017-07-24T15:38:44","slug":"accompagnements","status":"publish","type":"page","link":"https:\/\/notabeneconseil.fr\/index.php\/accompagnements\/","title":{"rendered":"Accompagnements"},"content":{"rendered":"<p><strong><img loading=\"lazy\" decoding=\"async\" class=\"wp-image-98 alignright\" src=\"http:\/\/notabeneconseil.fr\/wp-content\/uploads\/2017\/06\/fullsizeoutput_43a1-150x150.jpeg\" alt=\"\" width=\"185\" height=\"185\" srcset=\"https:\/\/notabeneconseil.fr\/wp-content\/uploads\/2017\/06\/fullsizeoutput_43a1-150x150.jpeg 150w, https:\/\/notabeneconseil.fr\/wp-content\/uploads\/2017\/06\/fullsizeoutput_43a1-300x300.jpeg 300w, https:\/\/notabeneconseil.fr\/wp-content\/uploads\/2017\/06\/fullsizeoutput_43a1.jpeg 400w\" sizes=\"(max-width: 185px) 100vw, 185px\" \/><span style=\"font-size: 14pt;\"><a href=\"#examens\">Accompagnements Personnels aux examens de s\u00e9lection<\/a><\/span><\/strong><\/p>\n<p><a href=\"#orales\"><strong><span style=\"font-size: 14pt;\">Pr\u00e9paration aux \u00e9preuves orales<\/span><\/strong><\/a><\/p>\n<p><span style=\"font-size: 14pt;\"><a href=\"#ecrits\"><strong>Accompagnements et soutiens m\u00e9thodologiques pour la r\u00e9alisation d&rsquo;\u00e9crits et de m\u00e9moires professionnels<\/strong><\/a><\/span><\/p>\n<p>&nbsp;<\/p>\n<p>&nbsp;<\/p>\n<p><strong>EXAMENS DE SELECTION<\/strong><a id=\"Examens\"><\/a><\/p>\n<p><strong>ASS<\/strong> (assistant de service social),<br \/>\n<strong>ES<\/strong> (\u00e9ducateur sp\u00e9cialis\u00e9),<br \/>\n<strong>EJE<\/strong> (\u00e9ducateur de jeunes enfants),<br \/>\n<strong>ETS<\/strong> (\u00c9ducateur techniques sp\u00e9cialis\u00e9),<br \/>\n<strong>ME<\/strong> (moniteur \u00e9ducateur)<br \/>\n<strong>TISF<\/strong> (technicien de l&rsquo;intervention sociale et familiale)<br \/>\n<strong>AES<\/strong> (Accompagnant \u00c9ducatif et Social) fusionne les dipl\u00f4mes AMP et AVS.<br \/>\nObjectifs:<br \/>\n-Am\u00e9liorer l\u2019expression orale, r\u00e9actualiser les acquis m\u00e9thodologiques ant\u00e9rieurs et d\u00e9velopper les connaissances.<br \/>\n-D\u00e9velopper les techniques de communication orale et d\u2019entretien devant jury.<br \/>\n-D\u00e9velopper la connaissance du secteur professionnel et du m\u00e9tier.<br \/>\n-Clarifier son projet professionnel dans le travail social<br \/>\n-D\u00e9velopper ses capacit\u00e9s \u00e0 orales<\/p>\n<p><a id=\"orales\"><\/a>Nous pr\u00e9parons \u00e9galement aux \u00e9preuves orales du <strong>CAFDESIS<\/strong> et du <strong>CAFERUIS<\/strong><br \/>\nObjectifs:<br \/>\n-R\u00e9flexion sur le projet professionnel<br \/>\n-Evaluer les motivations, la mise en perspective du parcours professionnel et de formation<br \/>\n-Repr\u00e9sentation de la fonction de cadre du candidat (direction, direction adjointe, cadre interm\u00e9diaire selon les \u00e9preuves)<\/p>\n<p><strong>Ces pr\u00e9parations peuvent durer entre entre 10 et 30h selon les fili\u00e8res et les candidats.<\/strong><\/p>\n<p>&nbsp;<\/p>\n<p><strong><a id=\"ecrits\"><\/a>SOUTIENS METHODOLOGIQUES AUX ECRITS PROFESSIONNELS<\/strong><\/p>\n<p>NOMBRE D&rsquo;HEURES EN FONCTION DES \u00c9CRITS ET DES PERSONNES (NOUS CONTACTER)<\/p>\n","protected":false},"excerpt":{"rendered":"<p>Accompagnements Personnels aux examens de s\u00e9lection Pr\u00e9paration aux \u00e9preuves orales Accompagnements et soutiens m\u00e9thodologiques pour la r\u00e9alisation d&rsquo;\u00e9crits et de m\u00e9moires professionnels &nbsp; &nbsp; EXAMENS DE SELECTION ASS (assistant de service social), ES (\u00e9ducateur sp\u00e9cialis\u00e9), EJE (\u00e9ducateur de jeunes enfants), ETS (\u00c9ducateur techniques sp\u00e9cialis\u00e9), ME (moniteur \u00e9ducateur) TISF (technicien de l&rsquo;intervention sociale et familiale) AES [&hellip;]<\/p>\n","protected":false},"author":2,"featured_media":363,"parent":0,"menu_order":1,"comment_status":"closed","ping_status":"closed","template":"","meta":{"footnotes":""},"_links":{"self":[{"href":"https:\/\/notabeneconseil.fr\/index.php\/wp-json\/wp\/v2\/pages\/211"}],"collection":[{"href":"https:\/\/notabeneconseil.fr\/index.php\/wp-json\/wp\/v2\/pages"}],"about":[{"href":"https:\/\/notabeneconseil.fr\/index.php\/wp-json\/wp\/v2\/types\/page"}],"author":[{"embeddable":true,"href":"https:\/\/notabeneconseil.fr\/index.php\/wp-json\/wp\/v2\/users\/2"}],"replies":[{"embeddable":true,"href":"https:\/\/notabeneconseil.fr\/index.php\/wp-json\/wp\/v2\/comments?post=211"}],"version-history":[{"count":16,"href":"https:\/\/notabeneconseil.fr\/index.php\/wp-json\/wp\/v2\/pages\/211\/revisions"}],"predecessor-version":[{"id":371,"href":"https:\/\/notabeneconseil.fr\/index.php\/wp-json\/wp\/v2\/pages\/211\/revisions\/371"}],"wp:featuredmedia":[{"embeddable":true,"href":"https:\/\/notabeneconseil.fr\/index.php\/wp-json\/wp\/v2\/media\/363"}],"wp:attachment":[{"href":"https:\/\/notabeneconseil.fr\/index.php\/wp-json\/wp\/v2\/media?parent=211"}],"curies":[{"name":"wp","href":"https:\/\/api.w.org\/{rel}","templated":true}]}}